{"version":"1.0","provider_name":"Ib\u00e9rica Centre de Culture Art &amp; Danse","provider_url":"https:\/\/iberica.info","author_name":"admin5471","author_url":"https:\/\/iberica.info\/index.php\/author\/admin5471\/","title":"Qui Sommes Nous ? Quienes\/Quem Somos ? - Ib\u00e9rica Centre de Culture Art &amp; Danse","type":"rich","width":600,"height":338,"html":"<blockquote class=\"wp-embedded-content\" data-secret=\"gF0EGef34B\"><a href=\"https:\/\/iberica.info\/index.php\/qui-sommes-nous-quienesquem-somos\/\">Qui Sommes Nous ? Quienes\/Quem Somos ?<\/a><\/blockquote><iframe sandbox=\"allow-scripts\" security=\"restricted\" src=\"https:\/\/iberica.info\/index.php\/qui-sommes-nous-quienesquem-somos\/embed\/#?secret=gF0EGef34B\" width=\"600\" height=\"338\" title=\"\u00ab\u00a0Qui Sommes Nous ? Quienes\/Quem Somos ?\u00a0\u00bb &#8212; Ib\u00e9rica Centre de Culture Art &amp; Danse\" data-secret=\"gF0EGef34B\" frameborder=\"0\" marginwidth=\"0\" marginheight=\"0\" scrolling=\"no\" class=\"wp-embedded-content\"><\/iframe><script type=\"text\/javascript\">\n\/*! This file is auto-generated *\/\n!function(d,l){\"use strict\";var e=!1,o=!1;if(l.querySelector)if(d.addEventListener)e=!0;if(d.wp=d.wp||{},!d.wp.receiveEmbedMessage)if(d.wp.receiveEmbedMessage=function(e){var t=e.data;if(t)if(t.secret||t.message||t.value)if(!\/[^a-zA-Z0-9]\/.test(t.secret)){for(var r,a,i,s=l.querySelectorAll('iframe[data-secret=\"'+t.secret+'\"]'),n=l.querySelectorAll('blockquote[data-secret=\"'+t.secret+'\"]'),o=new RegExp(\"^https?:$\",\"i\"),c=0;c<n.length;c++)n[c].style.display=\"none\";for(c=0;c<s.length;c++)if(r=s[c],e.source===r.contentWindow){if(r.removeAttribute(\"style\"),\"height\"===t.message){if(1e3<(i=parseInt(t.value,10)))i=1e3;else if(~~i<200)i=200;r.height=i}if(\"link\"===t.message)if(a=l.createElement(\"a\"),i=l.createElement(\"a\"),a.href=r.getAttribute(\"src\"),i.href=t.value,o.test(i.protocol))if(i.host===a.host)if(l.activeElement===r)d.top.location.href=t.value}}},e)d.addEventListener(\"message\",d.wp.receiveEmbedMessage,!1),l.addEventListener(\"DOMContentLoaded\",t,!1),d.addEventListener(\"load\",t,!1);function t(){if(!o){o=!0;for(var e,t,r,a=-1!==navigator.appVersion.indexOf(\"MSIE 10\"),i=!!navigator.userAgent.match(\/Trident.*rv:11\\.\/),s=l.querySelectorAll(\"iframe.wp-embedded-content\"),n=0;n<s.length;n++){if(!(r=(t=s[n]).getAttribute(\"data-secret\")))r=Math.random().toString(36).substr(2,10),t.src+=\"#?secret=\"+r,t.setAttribute(\"data-secret\",r);if(a||i)(e=t.cloneNode(!0)).removeAttribute(\"security\"),t.parentNode.replaceChild(e,t);t.contentWindow.postMessage({message:\"ready\",secret:r},\"*\")}}}}(window,document);\n<\/script>\n","description":"La pr\u00e9sence des Portugais et Espagnols dans notre r\u00e9gion existe depuis des si\u00e8cles\u2026 Notre histoire d\u00e9bute en 1975 par la r\u00e9union de Portugais et Espagnols immigr\u00e9s qui forment alors une association de fait autour de la culture Ib\u00e9rique se d\u00e9veloppant et impr\u00e9gnant progressivement la zone g\u00e9ographique de Seclin et du sud de Lille \u2026 C\u2019est [&hellip;]"}