{"id":526,"date":"2018-09-19T16:23:56","date_gmt":"2018-09-19T14:23:56","guid":{"rendered":"http:\/\/iberica.info\/?page_id=526"},"modified":"2018-09-19T16:30:01","modified_gmt":"2018-09-19T14:30:01","slug":"reserver-a-iberica","status":"publish","type":"page","link":"https:\/\/iberica.info\/index.php\/reserver-a-iberica\/","title":{"rendered":"R\u00c9SERVER \u00c0 IB\u00c9RICA"},"content":{"rendered":"<h3>Rien de plus Simple Suivez le guide :<\/h3>\n<h3>1 &#8211; PR\u00c9-INSCRIPTION :<\/h3>\n<p>Contactez-nous iberica@live.fr ou 07 89 82 65 77 pour vous Pr\u00e9-inscrire (nom, nombre de personnes, manifestation)<\/p>\n<h3>2- VALIDATION :<\/h3>\n<p>Envoyez ou d\u00e9posez \u00e0 IB\u00c9RICA, 160b rue des Martyrs de la r\u00e9sistance 59113 SECLIN<br \/>\nSur feuille libre ou \u00e0 l&#8217;aide du <a href=\"http:\/\/iberica.info\/wp-content\/uploads\/2018\/09\/19-18-Coupon-fiche-inscription-IB\u00c9RICA.pdf\">COUPON R\u00c9PONSE<\/a> pour chaque participant* : NOM, PRENOM, ADRESSE, NUM\u00c9RO DE T\u00c9L\u00c9PHONE MOBILE, MAIL<\/p>\n<p>accompagn\u00e9 d&#8217;un ch\u00e8que du montant total de la r\u00e9servation \u00e0 l&#8217;ordre de IB\u00c9RICA (d\u00e9bit\u00e9 en g\u00e9n\u00e9ral 24h en amont du spectacle)<\/p>\n<h5>possibilit\u00e9 de r\u00e8glement par carte Bancaire depuis chez vous &#8211; renseignez-vous<\/h5>\n<h4><a href=\"http:\/\/iberica.info\/wp-content\/uploads\/2018\/09\/18-11-020304-IV-RI-SDF-fiche-inscr.pdf\">COUPON IV RENCONTRES IB\u00c9RIQUES 2-3-4\/11\/2018<\/a><\/h4>\n<h3>3- CONFIRMATION :<\/h3>\n<p>Vous recevez un mail de confirmation !<br \/>\n&nbsp;<\/p>\n<h4><em>Toute r\u00e9servation non valid\u00e9e (reception du r\u00e8glement par Ib\u00e9rica) sera perdue !<\/em><\/h4>\n<h4>GRACIAS OBRIGADO<\/h4>\n<p>&nbsp;<\/p>\n<p>&nbsp;<\/p>\n","protected":false},"excerpt":{"rendered":"<p>Rien de plus Simple Suivez le guide : 1 &#8211; PR\u00c9-INSCRIPTION : Contactez-nous iberica@live.fr ou 07 89 82 65 77 pour vous Pr\u00e9-inscrire (nom, nombre de personnes, manifestation) 2- VALIDATION : Envoyez ou d\u00e9posez \u00e0 IB\u00c9RICA, 160b rue des Martyrs de la r\u00e9sistance 59113 SECLIN Sur feuille libre ou \u00e0 l&#8217;aide du COUPON R\u00c9PONSE pour [&hellip;]<\/p>\n","protected":false},"author":1,"featured_media":0,"parent":0,"menu_order":0,"comment_status":"closed","ping_status":"closed","template":"","meta":{"_mi_skip_tracking":false,"ngg_post_thumbnail":0},"yoast_head":"<!-- This site is optimized with the Yoast SEO plugin v18.9 - https:\/\/yoast.com\/wordpress\/plugins\/seo\/ -->\n<title>R\u00c9SERVER \u00c0 IB\u00c9RICA - Ib\u00e9rica Centre de Culture Art &amp; Danse<\/title>\n<meta name=\"robots\" content=\"index, follow, max-snippet:-1, max-image-preview:large, max-video-preview:-1\" \/>\n<link rel=\"canonical\" href=\"http:\/\/iberica.info\/index.php\/reserver-a-iberica\/\" \/>\n<meta property=\"og:locale\" content=\"fr_FR\" \/>\n<meta property=\"og:type\" content=\"article\" \/>\n<meta property=\"og:title\" content=\"R\u00c9SERVER \u00c0 IB\u00c9RICA - Ib\u00e9rica Centre de Culture Art &amp; Danse\" \/>\n<meta property=\"og:description\" content=\"Rien de plus Simple Suivez le guide : 1 &#8211; PR\u00c9-INSCRIPTION : Contactez-nous iberica@live.fr ou 07 89 82 65 77 pour vous Pr\u00e9-inscrire (nom, nombre de personnes, manifestation) 2- VALIDATION : Envoyez ou d\u00e9posez \u00e0 IB\u00c9RICA, 160b rue des Martyrs de la r\u00e9sistance 59113 SECLIN Sur feuille libre ou \u00e0 l&#8217;aide du COUPON R\u00c9PONSE pour [&hellip;]\" \/>\n<meta property=\"og:url\" content=\"http:\/\/iberica.info\/index.php\/reserver-a-iberica\/\" \/>\n<meta property=\"og:site_name\" content=\"Ib\u00e9rica Centre de Culture Art &amp; Danse\" \/>\n<meta property=\"article:publisher\" content=\"https:\/\/www.facebook.com\/iberica.nord\" \/>\n<meta property=\"article:modified_time\" content=\"2018-09-19T14:30:01+00:00\" \/>\n<meta name=\"twitter:card\" content=\"summary\" \/>\n<meta name=\"twitter:label1\" content=\"Dur\u00e9e de lecture estim\u00e9e\" \/>\n\t<meta name=\"twitter:data1\" content=\"1 minute\" \/>\n<script type=\"application\/ld+json\" class=\"yoast-schema-graph\">{\"@context\":\"https:\/\/schema.org\",\"@graph\":[{\"@type\":\"WebSite\",\"@id\":\"https:\/\/iberica.info\/#website\",\"url\":\"https:\/\/iberica.info\/\",\"name\":\"Ib\u00e9rica Centre de Culture Art &amp; Danse\",\"description\":\"Flamenco Fado Gypsy Espagne Portugal Hauts de France - France\",\"potentialAction\":[{\"@type\":\"SearchAction\",\"target\":{\"@type\":\"EntryPoint\",\"urlTemplate\":\"https:\/\/iberica.info\/?s={search_term_string}\"},\"query-input\":\"required name=search_term_string\"}],\"inLanguage\":\"fr-FR\"},{\"@type\":\"WebPage\",\"@id\":\"http:\/\/iberica.info\/index.php\/reserver-a-iberica\/#webpage\",\"url\":\"http:\/\/iberica.info\/index.php\/reserver-a-iberica\/\",\"name\":\"R\u00c9SERVER \u00c0 IB\u00c9RICA - Ib\u00e9rica Centre de Culture Art &amp; Danse\",\"isPartOf\":{\"@id\":\"https:\/\/iberica.info\/#website\"},\"datePublished\":\"2018-09-19T14:23:56+00:00\",\"dateModified\":\"2018-09-19T14:30:01+00:00\",\"breadcrumb\":{\"@id\":\"http:\/\/iberica.info\/index.php\/reserver-a-iberica\/#breadcrumb\"},\"inLanguage\":\"fr-FR\",\"potentialAction\":[{\"@type\":\"ReadAction\",\"target\":[\"http:\/\/iberica.info\/index.php\/reserver-a-iberica\/\"]}]},{\"@type\":\"BreadcrumbList\",\"@id\":\"http:\/\/iberica.info\/index.php\/reserver-a-iberica\/#breadcrumb\",\"itemListElement\":[{\"@type\":\"ListItem\",\"position\":1,\"name\":\"Accueil\",\"item\":\"https:\/\/iberica.info\/\"},{\"@type\":\"ListItem\",\"position\":2,\"name\":\"R\u00c9SERVER \u00c0 IB\u00c9RICA\"}]}]}<\/script>\n<!-- \/ Yoast SEO plugin. -->","yoast_head_json":{"title":"R\u00c9SERVER \u00c0 IB\u00c9RICA - Ib\u00e9rica Centre de Culture Art &amp; Danse","robots":{"index":"index","follow":"follow","max-snippet":"max-snippet:-1","max-image-preview":"max-image-preview:large","max-video-preview":"max-video-preview:-1"},"canonical":"http:\/\/iberica.info\/index.php\/reserver-a-iberica\/","og_locale":"fr_FR","og_type":"article","og_title":"R\u00c9SERVER \u00c0 IB\u00c9RICA - Ib\u00e9rica Centre de Culture Art &amp; Danse","og_description":"Rien de plus Simple Suivez le guide : 1 &#8211; PR\u00c9-INSCRIPTION : Contactez-nous iberica@live.fr ou 07 89 82 65 77 pour vous Pr\u00e9-inscrire (nom, nombre de personnes, manifestation) 2- VALIDATION : Envoyez ou d\u00e9posez \u00e0 IB\u00c9RICA, 160b rue des Martyrs de la r\u00e9sistance 59113 SECLIN Sur feuille libre ou \u00e0 l&#8217;aide du COUPON R\u00c9PONSE pour [&hellip;]","og_url":"http:\/\/iberica.info\/index.php\/reserver-a-iberica\/","og_site_name":"Ib\u00e9rica Centre de Culture Art &amp; Danse","article_publisher":"https:\/\/www.facebook.com\/iberica.nord","article_modified_time":"2018-09-19T14:30:01+00:00","twitter_card":"summary","twitter_misc":{"Dur\u00e9e de lecture estim\u00e9e":"1 minute"},"schema":{"@context":"https:\/\/schema.org","@graph":[{"@type":"WebSite","@id":"https:\/\/iberica.info\/#website","url":"https:\/\/iberica.info\/","name":"Ib\u00e9rica Centre de Culture Art &amp; Danse","description":"Flamenco Fado Gypsy Espagne Portugal Hauts de France - France","potentialAction":[{"@type":"SearchAction","target":{"@type":"EntryPoint","urlTemplate":"https:\/\/iberica.info\/?s={search_term_string}"},"query-input":"required name=search_term_string"}],"inLanguage":"fr-FR"},{"@type":"WebPage","@id":"http:\/\/iberica.info\/index.php\/reserver-a-iberica\/#webpage","url":"http:\/\/iberica.info\/index.php\/reserver-a-iberica\/","name":"R\u00c9SERVER \u00c0 IB\u00c9RICA - Ib\u00e9rica Centre de Culture Art &amp; Danse","isPartOf":{"@id":"https:\/\/iberica.info\/#website"},"datePublished":"2018-09-19T14:23:56+00:00","dateModified":"2018-09-19T14:30:01+00:00","breadcrumb":{"@id":"http:\/\/iberica.info\/index.php\/reserver-a-iberica\/#breadcrumb"},"inLanguage":"fr-FR","potentialAction":[{"@type":"ReadAction","target":["http:\/\/iberica.info\/index.php\/reserver-a-iberica\/"]}]},{"@type":"BreadcrumbList","@id":"http:\/\/iberica.info\/index.php\/reserver-a-iberica\/#breadcrumb","itemListElement":[{"@type":"ListItem","position":1,"name":"Accueil","item":"https:\/\/iberica.info\/"},{"@type":"ListItem","position":2,"name":"R\u00c9SERVER \u00c0 IB\u00c9RICA"}]}]}},"_links":{"self":[{"href":"https:\/\/iberica.info\/index.php\/wp-json\/wp\/v2\/pages\/526"}],"collection":[{"href":"https:\/\/iberica.info\/index.php\/wp-json\/wp\/v2\/pages"}],"about":[{"href":"https:\/\/iberica.info\/index.php\/wp-json\/wp\/v2\/types\/page"}],"author":[{"embeddable":true,"href":"https:\/\/iberica.info\/index.php\/wp-json\/wp\/v2\/users\/1"}],"replies":[{"embeddable":true,"href":"https:\/\/iberica.info\/index.php\/wp-json\/wp\/v2\/comments?post=526"}],"version-history":[{"count":4,"href":"https:\/\/iberica.info\/index.php\/wp-json\/wp\/v2\/pages\/526\/revisions"}],"predecessor-version":[{"id":532,"href":"https:\/\/iberica.info\/index.php\/wp-json\/wp\/v2\/pages\/526\/revisions\/532"}],"wp:attachment":[{"href":"https:\/\/iberica.info\/index.php\/wp-json\/wp\/v2\/media?parent=526"}],"curies":[{"name":"wp","href":"https:\/\/api.w.org\/{rel}","templated":true}]}}