{"id":7,"date":"2017-06-15T20:15:28","date_gmt":"2017-06-15T18:15:28","guid":{"rendered":"http:\/\/iberica.info\/?page_id=7"},"modified":"2026-04-21T17:52:21","modified_gmt":"2026-04-21T15:52:21","slug":"accueil","status":"publish","type":"page","link":"https:\/\/iberica.info\/","title":{"rendered":"Ib\u00e9rica Centre culturel Art &#038; Danse &#8211; Espagnol et Portugais des Hauts de France &#8211; Nord pas de Calais Picardie Lille Seclin"},"content":{"rendered":"\n<p><\/p>\n\n\n\n<p class=\"has-text-align-center\">Bienvenus, Bienvenidos, Bem vindos dans le monde Culturel des Hauts de France &#8211; France &#8211; Belgique<\/p>\n\n\n\n<p class=\"has-text-align-center\">Spectacles Danses Flamenco Fado Folklore, repas, cours stage de danse guitare chant Caj\u00f3n, Interventions artistiques en Milieu scolaire, Conf\u00e9rences Expositions, Conseils, Passion et partage \u2026 Vous \u00eates au bon endroit ! ol\u00e9 !<\/p>\n\n\n\n<div class=\"wp-container-1 wp-block-buttons\">\n<div class=\"wp-block-button aligncenter\"><a class=\"wp-block-button__link\" href=\"http:\/\/iberica.info\/index.php\/agenda\/\"><strong>ACTUALIT\u00c9S AGENDA CLIQUE ICI<\/strong><\/a><\/div>\n<\/div>\n\n\n\n<p class=\"has-text-align-center\"><\/p>\n\n\n\n<hr class=\"wp-block-separator\"\/>\n\n\n\n<figure class=\"wp-block-image size-large\"><a href=\"https:\/\/iberica.info\/index.php\/2026\/04\/14\/gala-flamenco-2026-lille-seclin\/\"><img loading=\"lazy\" width=\"1024\" height=\"572\" src=\"http:\/\/iberica.info\/wp-content\/uploads\/2026\/04\/26-05-25-PE-IB-GALA-DE-DANSE-FLAMENCO-Visuel-1024x572.png\" alt=\"\" class=\"wp-image-1855\" srcset=\"https:\/\/iberica.info\/wp-content\/uploads\/2026\/04\/26-05-25-PE-IB-GALA-DE-DANSE-FLAMENCO-Visuel-1024x572.png 1024w, https:\/\/iberica.info\/wp-content\/uploads\/2026\/04\/26-05-25-PE-IB-GALA-DE-DANSE-FLAMENCO-Visuel-300x167.png 300w, https:\/\/iberica.info\/wp-content\/uploads\/2026\/04\/26-05-25-PE-IB-GALA-DE-DANSE-FLAMENCO-Visuel-768x429.png 768w, https:\/\/iberica.info\/wp-content\/uploads\/2026\/04\/26-05-25-PE-IB-GALA-DE-DANSE-FLAMENCO-Visuel-1536x857.png 1536w, https:\/\/iberica.info\/wp-content\/uploads\/2026\/04\/26-05-25-PE-IB-GALA-DE-DANSE-FLAMENCO-Visuel-2048x1143.png 2048w, https:\/\/iberica.info\/wp-content\/uploads\/2026\/04\/26-05-25-PE-IB-GALA-DE-DANSE-FLAMENCO-Visuel-750x419.png 750w\" sizes=\"(max-width: 1024px) 100vw, 1024px\" \/><\/a><figcaption>GALA FLAMENCO LILLE DANSE GUITARE DANSEUSE 2026<\/figcaption><\/figure>\n\n\n\n<div class=\"wp-block-image\"><figure class=\"aligncenter size-large\"><a href=\"https:\/\/iberica.info\/index.php\/2024\/07\/11\/bar-tapas-restauration-portugais-espagnol-seclin-lille-iberica\/\"><img loading=\"lazy\" width=\"1024\" height=\"724\" src=\"http:\/\/iberica.info\/wp-content\/uploads\/2025\/05\/25-2-GENERAL-IB-DOMINGOS-IBERICOS-copy-1024x724.jpg\" alt=\"Restaurant portugais espagnol Amerique latine Lille seclin Paella Morue Tapas bar Concert Spectacle\" class=\"wp-image-1682\" srcset=\"https:\/\/iberica.info\/wp-content\/uploads\/2025\/05\/25-2-GENERAL-IB-DOMINGOS-IBERICOS-copy-1024x724.jpg 1024w, https:\/\/iberica.info\/wp-content\/uploads\/2025\/05\/25-2-GENERAL-IB-DOMINGOS-IBERICOS-copy-300x212.jpg 300w, https:\/\/iberica.info\/wp-content\/uploads\/2025\/05\/25-2-GENERAL-IB-DOMINGOS-IBERICOS-copy-768x543.jpg 768w, https:\/\/iberica.info\/wp-content\/uploads\/2025\/05\/25-2-GENERAL-IB-DOMINGOS-IBERICOS-copy-1536x1086.jpg 1536w, https:\/\/iberica.info\/wp-content\/uploads\/2025\/05\/25-2-GENERAL-IB-DOMINGOS-IBERICOS-copy-2048x1448.jpg 2048w, https:\/\/iberica.info\/wp-content\/uploads\/2025\/05\/25-2-GENERAL-IB-DOMINGOS-IBERICOS-copy-750x530.jpg 750w\" sizes=\"(max-width: 1024px) 100vw, 1024px\" \/><\/a><figcaption>Restaurant portugais espagnol Amerique latine Lille seclin Paella Morue Tapas bar Concert Spectacle<\/figcaption><\/figure><\/div>\n\n\n\n<h2 class=\"has-text-align-center\"><a href=\"https:\/\/iberica.info\/index.php\/2026\/03\/17\/sajrasdeboliviaseclin\/\">CONCERT SAJRAS DE BOLIVIA 06\/06\/2026<\/a><\/h2>\n\n\n\n<div class=\"wp-block-image\"><figure class=\"aligncenter size-full is-resized\"><a href=\"https:\/\/iberica.info\/index.php\/2026\/03\/17\/sajrasdeboliviaseclin\/\"><img loading=\"lazy\" src=\"http:\/\/iberica.info\/wp-content\/uploads\/2026\/03\/26-06-06-SAJRAS-DE-BOLIVIA-visuel.png\" alt=\"BOLIVIENS LILLE HAUTS DE FRANCE NORD PAS DE CALAIS BELGIQUE LUXEMBOURG\" class=\"wp-image-1874\" width=\"821\" height=\"521\" srcset=\"https:\/\/iberica.info\/wp-content\/uploads\/2026\/03\/26-06-06-SAJRAS-DE-BOLIVIA-visuel.png 634w, https:\/\/iberica.info\/wp-content\/uploads\/2026\/03\/26-06-06-SAJRAS-DE-BOLIVIA-visuel-300x190.png 300w\" sizes=\"(max-width: 821px) 100vw, 821px\" \/><\/a><figcaption>BOLIVIENS LILLE HAUTS DE FRANCE NORD PAS DE CALAIS BELGIQUE LUXEMBOURG<\/figcaption><\/figure><\/div>\n\n\n\n<div class=\"wp-block-image\"><figure class=\"aligncenter size-full is-resized\"><a href=\"http:\/\/iberica.info\/index.php\/2024\/07\/10\/rentree-iberique-reprise-des-activites-2024-25\/\"><img loading=\"lazy\" src=\"http:\/\/iberica.info\/wp-content\/uploads\/2018\/08\/ib\u00e9rica-r\u00e9union-de-rentr\u00e9e-2017-cours-espagnol-portugais-flamenco.jpg\" alt=\"\" class=\"wp-image-485\" width=\"582\" height=\"458\" srcset=\"https:\/\/iberica.info\/wp-content\/uploads\/2018\/08\/ib\u00e9rica-r\u00e9union-de-rentr\u00e9e-2017-cours-espagnol-portugais-flamenco.jpg 582w, https:\/\/iberica.info\/wp-content\/uploads\/2018\/08\/ib\u00e9rica-r\u00e9union-de-rentr\u00e9e-2017-cours-espagnol-portugais-flamenco-300x236.jpg 300w\" sizes=\"(max-width: 582px) 100vw, 582px\" \/><\/a><figcaption>portugal espagne lille nord pas de calais picardie hauts de france flamenco fado folklore<\/figcaption><\/figure><\/div>\n\n\n\n<hr class=\"wp-block-separator\"\/>\n\n\n\n<h2 class=\"has-text-align-center\"><a href=\"http:\/\/iberica.info\/index.php\/2017\/10\/16\/cours-stages-flamenco-lille-seclin-adultes\/\">COURS STAGES FLAMENCO LILLE-SECLIN ADULTES<\/a><\/h2>\n\n\n\n<hr class=\"wp-block-separator\"\/>\n\n\n\n<div class=\"wp-block-image\"><figure class=\"aligncenter\"><a href=\"http:\/\/iberica.info\/index.php\/cours-stages-2\/flamenco-enfants-flamenco-kids\/\"><img loading=\"lazy\" width=\"1024\" height=\"724\" src=\"http:\/\/iberica.info\/wp-content\/uploads\/2019\/07\/19-20-IB-PE-FLAMENCOKIDS--1024x724.jpg\" alt=\"Flamenco enfants Lille Nord Seclin Hauts de France\" class=\"wp-image-663\" srcset=\"https:\/\/iberica.info\/wp-content\/uploads\/2019\/07\/19-20-IB-PE-FLAMENCOKIDS--1024x724.jpg 1024w, https:\/\/iberica.info\/wp-content\/uploads\/2019\/07\/19-20-IB-PE-FLAMENCOKIDS--300x212.jpg 300w, https:\/\/iberica.info\/wp-content\/uploads\/2019\/07\/19-20-IB-PE-FLAMENCOKIDS--768x543.jpg 768w, https:\/\/iberica.info\/wp-content\/uploads\/2019\/07\/19-20-IB-PE-FLAMENCOKIDS--750x530.jpg 750w\" sizes=\"(max-width: 1024px) 100vw, 1024px\" \/><\/a><figcaption>Flamenco enfants Lille Nord Seclin Hauts de France<\/figcaption><\/figure><\/div>\n\n\n\n<hr class=\"wp-block-separator\"\/>\n\n\n\n<div class=\"wp-block-image\"><figure class=\"aligncenter\"><a href=\"http:\/\/iberica.info\/index.php\/flamenctonic-depensez-flamenco-cardio\/\"><img loading=\"lazy\" width=\"1024\" height=\"724\" src=\"http:\/\/iberica.info\/wp-content\/uploads\/2019\/07\/19-20-IB-FLAMENCTONIC--1024x724.jpg\" alt=\"\" class=\"wp-image-660\" srcset=\"https:\/\/iberica.info\/wp-content\/uploads\/2019\/07\/19-20-IB-FLAMENCTONIC--1024x724.jpg 1024w, https:\/\/iberica.info\/wp-content\/uploads\/2019\/07\/19-20-IB-FLAMENCTONIC--300x212.jpg 300w, https:\/\/iberica.info\/wp-content\/uploads\/2019\/07\/19-20-IB-FLAMENCTONIC--768x543.jpg 768w, https:\/\/iberica.info\/wp-content\/uploads\/2019\/07\/19-20-IB-FLAMENCTONIC--750x531.jpg 750w, https:\/\/iberica.info\/wp-content\/uploads\/2019\/07\/19-20-IB-FLAMENCTONIC-.jpg 1169w\" sizes=\"(max-width: 1024px) 100vw, 1024px\" \/><\/a><\/figure><\/div>\n\n\n\n<hr class=\"wp-block-separator\"\/>\n\n\n\n<div class=\"wp-block-image\"><figure class=\"aligncenter size-large\"><a href=\"https:\/\/iberica.info\/index.php\/cours-stages-2\/cours-de-danse-flamenco-salsa-orientale-nord-pasdecalais-picardie-lille\/\"><img loading=\"lazy\" width=\"724\" height=\"1024\" src=\"http:\/\/iberica.info\/wp-content\/uploads\/2024\/06\/24-25-IB-PS-DANSE-FLAMENCO--724x1024.jpg\" alt=\"\" class=\"wp-image-1397\" srcset=\"https:\/\/iberica.info\/wp-content\/uploads\/2024\/06\/24-25-IB-PS-DANSE-FLAMENCO--724x1024.jpg 724w, https:\/\/iberica.info\/wp-content\/uploads\/2024\/06\/24-25-IB-PS-DANSE-FLAMENCO--212x300.jpg 212w, https:\/\/iberica.info\/wp-content\/uploads\/2024\/06\/24-25-IB-PS-DANSE-FLAMENCO--768x1086.jpg 768w, https:\/\/iberica.info\/wp-content\/uploads\/2024\/06\/24-25-IB-PS-DANSE-FLAMENCO--scaled.jpg 1810w\" sizes=\"(max-width: 724px) 100vw, 724px\" \/><\/a><figcaption>Flamenco danse cours Lille Nord pas Calais Picardie Hauts de France<\/figcaption><\/figure><\/div>\n\n\n\n<p class=\"has-text-align-center\"><strong>iberica@live.fr&nbsp; ou 07 89 82 65 77&nbsp; &#8211; <\/strong><strong>iberica.info &#8211;&nbsp;<\/strong>Plus d&#8217;infos :<a href=\"http:\/\/iberica.info\/index.php\/cours-stages-2\/cours-de-danse-flamenco-salsa-orientale-nord-pasdecalais-picardie-lille\/\"> Stages Flamenco Nord Lille Ib\u00e9rica<\/a><\/p>\n\n\n\n<figure class=\"wp-block-image size-large\"><img loading=\"lazy\" width=\"1024\" height=\"692\" src=\"http:\/\/iberica.info\/wp-content\/uploads\/2019\/08\/18-09-25-Plan-Iberica-2-1024x692.jpg\" alt=\"cabaret restaurant bar concert spectacle espagnol flamenco fado portugais lille seclin nord pas de calais hauts de france\" class=\"wp-image-690\" srcset=\"https:\/\/iberica.info\/wp-content\/uploads\/2019\/08\/18-09-25-Plan-Iberica-2-1024x692.jpg 1024w, https:\/\/iberica.info\/wp-content\/uploads\/2019\/08\/18-09-25-Plan-Iberica-2-300x203.jpg 300w, https:\/\/iberica.info\/wp-content\/uploads\/2019\/08\/18-09-25-Plan-Iberica-2-768x519.jpg 768w, https:\/\/iberica.info\/wp-content\/uploads\/2019\/08\/18-09-25-Plan-Iberica-2-750x507.jpg 750w\" sizes=\"(max-width: 1024px) 100vw, 1024px\" \/><figcaption>cabaret restaurant bar concert spectacle espagnol flamenco fado portugais Lille Seclin nord pas de calais hauts de france<\/figcaption><\/figure>\n\n\n\n<figure class=\"wp-block-image\"><img alt=\"\"\/><\/figure>\n","protected":false},"excerpt":{"rendered":"<p>Bienvenus, Bienvenidos, Bem vindos dans le monde Culturel des Hauts de France &#8211; France &#8211; Belgique Spectacles Danses Flamenco Fado Folklore, repas, cours stage de danse guitare chant Caj\u00f3n, Interventions artistiques en Milieu scolaire, Conf\u00e9rences Expositions, Conseils, Passion et partage \u2026 Vous \u00eates au bon endroit ! ol\u00e9 ! CONCERT SAJRAS DE BOLIVIA 06\/06\/2026 COURS [&hellip;]<\/p>\n","protected":false},"author":1,"featured_media":0,"parent":0,"menu_order":0,"comment_status":"closed","ping_status":"closed","template":"","meta":{"_mi_skip_tracking":false,"ngg_post_thumbnail":0},"yoast_head":"<!-- This site is optimized with the Yoast SEO plugin v18.9 - https:\/\/yoast.com\/wordpress\/plugins\/seo\/ -->\n<title>Ib\u00e9rica Centre culturel Art &amp; Danse - Espagnol et Portugais des Hauts de France - Nord pas de Calais Picardie Lille Seclin - Ib\u00e9rica Centre de Culture Art &amp; Danse<\/title>\n<meta name=\"robots\" content=\"index, follow, max-snippet:-1, max-image-preview:large, max-video-preview:-1\" \/>\n<link rel=\"canonical\" href=\"https:\/\/iberica.info\/\" \/>\n<meta property=\"og:locale\" content=\"fr_FR\" \/>\n<meta property=\"og:type\" content=\"article\" \/>\n<meta property=\"og:title\" content=\"Ib\u00e9rica Centre culturel Art &amp; Danse - Espagnol et Portugais des Hauts de France - Nord pas de Calais Picardie Lille Seclin - Ib\u00e9rica Centre de Culture Art &amp; Danse\" \/>\n<meta property=\"og:description\" content=\"Bienvenus, Bienvenidos, Bem vindos dans le monde Culturel des Hauts de France &#8211; France &#8211; Belgique Spectacles Danses Flamenco Fado Folklore, repas, cours stage de danse guitare chant Caj\u00f3n, Interventions artistiques en Milieu scolaire, Conf\u00e9rences Expositions, Conseils, Passion et partage \u2026 Vous \u00eates au bon endroit ! ol\u00e9 ! CONCERT SAJRAS DE BOLIVIA 06\/06\/2026 COURS [&hellip;]\" \/>\n<meta property=\"og:url\" content=\"https:\/\/iberica.info\/\" \/>\n<meta property=\"og:site_name\" content=\"Ib\u00e9rica Centre de Culture Art &amp; Danse\" \/>\n<meta property=\"article:publisher\" content=\"https:\/\/www.facebook.com\/iberica.nord\" \/>\n<meta property=\"article:modified_time\" content=\"2026-04-21T15:52:21+00:00\" \/>\n<meta property=\"og:image\" content=\"http:\/\/iberica.info\/wp-content\/uploads\/2026\/04\/26-05-25-PE-IB-GALA-DE-DANSE-FLAMENCO-Visuel-1024x572.png\" \/>\n<meta name=\"twitter:card\" content=\"summary\" \/>\n<meta name=\"twitter:label1\" content=\"Dur\u00e9e de lecture estim\u00e9e\" \/>\n\t<meta name=\"twitter:data1\" content=\"3 minutes\" \/>\n<script type=\"application\/ld+json\" class=\"yoast-schema-graph\">{\"@context\":\"https:\/\/schema.org\",\"@graph\":[{\"@type\":\"WebSite\",\"@id\":\"https:\/\/iberica.info\/#website\",\"url\":\"https:\/\/iberica.info\/\",\"name\":\"Ib\u00e9rica Centre de Culture Art &amp; Danse\",\"description\":\"Flamenco Fado Gypsy Espagne Portugal Hauts de France - France\",\"potentialAction\":[{\"@type\":\"SearchAction\",\"target\":{\"@type\":\"EntryPoint\",\"urlTemplate\":\"https:\/\/iberica.info\/?s={search_term_string}\"},\"query-input\":\"required name=search_term_string\"}],\"inLanguage\":\"fr-FR\"},{\"@type\":\"ImageObject\",\"inLanguage\":\"fr-FR\",\"@id\":\"https:\/\/iberica.info\/#primaryimage\",\"url\":\"https:\/\/iberica.info\/wp-content\/uploads\/2026\/04\/26-05-25-PE-IB-GALA-DE-DANSE-FLAMENCO-Visuel.png\",\"contentUrl\":\"https:\/\/iberica.info\/wp-content\/uploads\/2026\/04\/26-05-25-PE-IB-GALA-DE-DANSE-FLAMENCO-Visuel.png\",\"width\":4300,\"height\":2400,\"caption\":\"GALA FLAMENCO LILLE DANSE GUITARE DANSEUSE 2026\"},{\"@type\":\"WebPage\",\"@id\":\"https:\/\/iberica.info\/#webpage\",\"url\":\"https:\/\/iberica.info\/\",\"name\":\"Ib\u00e9rica Centre culturel Art & Danse - Espagnol et Portugais des Hauts de France - Nord pas de Calais Picardie Lille Seclin - Ib\u00e9rica Centre de Culture Art &amp; Danse\",\"isPartOf\":{\"@id\":\"https:\/\/iberica.info\/#website\"},\"primaryImageOfPage\":{\"@id\":\"https:\/\/iberica.info\/#primaryimage\"},\"datePublished\":\"2017-06-15T18:15:28+00:00\",\"dateModified\":\"2026-04-21T15:52:21+00:00\",\"breadcrumb\":{\"@id\":\"https:\/\/iberica.info\/#breadcrumb\"},\"inLanguage\":\"fr-FR\",\"potentialAction\":[{\"@type\":\"ReadAction\",\"target\":[\"https:\/\/iberica.info\/\"]}]},{\"@type\":\"BreadcrumbList\",\"@id\":\"https:\/\/iberica.info\/#breadcrumb\",\"itemListElement\":[{\"@type\":\"ListItem\",\"position\":1,\"name\":\"Accueil\",\"item\":\"https:\/\/iberica.info\/\"},{\"@type\":\"ListItem\",\"position\":2,\"name\":\"Ib\u00e9rica Centre culturel Art &#038; Danse &#8211; Espagnol et Portugais des Hauts de France &#8211; Nord pas de Calais Picardie Lille Seclin\"}]}]}<\/script>\n<!-- \/ Yoast SEO plugin. -->","yoast_head_json":{"title":"Ib\u00e9rica Centre culturel Art & Danse - Espagnol et Portugais des Hauts de France - Nord pas de Calais Picardie Lille Seclin - Ib\u00e9rica Centre de Culture Art &amp; Danse","robots":{"index":"index","follow":"follow","max-snippet":"max-snippet:-1","max-image-preview":"max-image-preview:large","max-video-preview":"max-video-preview:-1"},"canonical":"https:\/\/iberica.info\/","og_locale":"fr_FR","og_type":"article","og_title":"Ib\u00e9rica Centre culturel Art & Danse - Espagnol et Portugais des Hauts de France - Nord pas de Calais Picardie Lille Seclin - Ib\u00e9rica Centre de Culture Art &amp; Danse","og_description":"Bienvenus, Bienvenidos, Bem vindos dans le monde Culturel des Hauts de France &#8211; France &#8211; Belgique Spectacles Danses Flamenco Fado Folklore, repas, cours stage de danse guitare chant Caj\u00f3n, Interventions artistiques en Milieu scolaire, Conf\u00e9rences Expositions, Conseils, Passion et partage \u2026 Vous \u00eates au bon endroit ! ol\u00e9 ! CONCERT SAJRAS DE BOLIVIA 06\/06\/2026 COURS [&hellip;]","og_url":"https:\/\/iberica.info\/","og_site_name":"Ib\u00e9rica Centre de Culture Art &amp; Danse","article_publisher":"https:\/\/www.facebook.com\/iberica.nord","article_modified_time":"2026-04-21T15:52:21+00:00","og_image":[{"url":"http:\/\/iberica.info\/wp-content\/uploads\/2026\/04\/26-05-25-PE-IB-GALA-DE-DANSE-FLAMENCO-Visuel-1024x572.png"}],"twitter_card":"summary","twitter_misc":{"Dur\u00e9e de lecture estim\u00e9e":"3 minutes"},"schema":{"@context":"https:\/\/schema.org","@graph":[{"@type":"WebSite","@id":"https:\/\/iberica.info\/#website","url":"https:\/\/iberica.info\/","name":"Ib\u00e9rica Centre de Culture Art &amp; Danse","description":"Flamenco Fado Gypsy Espagne Portugal Hauts de France - France","potentialAction":[{"@type":"SearchAction","target":{"@type":"EntryPoint","urlTemplate":"https:\/\/iberica.info\/?s={search_term_string}"},"query-input":"required name=search_term_string"}],"inLanguage":"fr-FR"},{"@type":"ImageObject","inLanguage":"fr-FR","@id":"https:\/\/iberica.info\/#primaryimage","url":"https:\/\/iberica.info\/wp-content\/uploads\/2026\/04\/26-05-25-PE-IB-GALA-DE-DANSE-FLAMENCO-Visuel.png","contentUrl":"https:\/\/iberica.info\/wp-content\/uploads\/2026\/04\/26-05-25-PE-IB-GALA-DE-DANSE-FLAMENCO-Visuel.png","width":4300,"height":2400,"caption":"GALA FLAMENCO LILLE DANSE GUITARE DANSEUSE 2026"},{"@type":"WebPage","@id":"https:\/\/iberica.info\/#webpage","url":"https:\/\/iberica.info\/","name":"Ib\u00e9rica Centre culturel Art & Danse - Espagnol et Portugais des Hauts de France - Nord pas de Calais Picardie Lille Seclin - Ib\u00e9rica Centre de Culture Art &amp; Danse","isPartOf":{"@id":"https:\/\/iberica.info\/#website"},"primaryImageOfPage":{"@id":"https:\/\/iberica.info\/#primaryimage"},"datePublished":"2017-06-15T18:15:28+00:00","dateModified":"2026-04-21T15:52:21+00:00","breadcrumb":{"@id":"https:\/\/iberica.info\/#breadcrumb"},"inLanguage":"fr-FR","potentialAction":[{"@type":"ReadAction","target":["https:\/\/iberica.info\/"]}]},{"@type":"BreadcrumbList","@id":"https:\/\/iberica.info\/#breadcrumb","itemListElement":[{"@type":"ListItem","position":1,"name":"Accueil","item":"https:\/\/iberica.info\/"},{"@type":"ListItem","position":2,"name":"Ib\u00e9rica Centre culturel Art &#038; Danse &#8211; Espagnol et Portugais des Hauts de France &#8211; Nord pas de Calais Picardie Lille Seclin"}]}]}},"_links":{"self":[{"href":"https:\/\/iberica.info\/index.php\/wp-json\/wp\/v2\/pages\/7"}],"collection":[{"href":"https:\/\/iberica.info\/index.php\/wp-json\/wp\/v2\/pages"}],"about":[{"href":"https:\/\/iberica.info\/index.php\/wp-json\/wp\/v2\/types\/page"}],"author":[{"embeddable":true,"href":"https:\/\/iberica.info\/index.php\/wp-json\/wp\/v2\/users\/1"}],"replies":[{"embeddable":true,"href":"https:\/\/iberica.info\/index.php\/wp-json\/wp\/v2\/comments?post=7"}],"version-history":[{"count":68,"href":"https:\/\/iberica.info\/index.php\/wp-json\/wp\/v2\/pages\/7\/revisions"}],"predecessor-version":[{"id":1899,"href":"https:\/\/iberica.info\/index.php\/wp-json\/wp\/v2\/pages\/7\/revisions\/1899"}],"wp:attachment":[{"href":"https:\/\/iberica.info\/index.php\/wp-json\/wp\/v2\/media?parent=7"}],"curies":[{"name":"wp","href":"https:\/\/api.w.org\/{rel}","templated":true}]}}