{"id":99,"date":"2017-06-16T18:44:02","date_gmt":"2017-06-16T16:44:02","guid":{"rendered":"http:\/\/iberica.info\/?page_id=99"},"modified":"2025-09-02T19:04:20","modified_gmt":"2025-09-02T17:04:20","slug":"qui-sommes-nous-quienesquem-somos","status":"publish","type":"page","link":"https:\/\/iberica.info\/index.php\/qui-sommes-nous-quienesquem-somos\/","title":{"rendered":"Qui Sommes Nous ? Quienes\/Quem Somos ?"},"content":{"rendered":"<p>La pr\u00e9sence des Portugais et Espagnols dans notre r\u00e9gion existe depuis des si\u00e8cles\u2026 Notre histoire d\u00e9bute en 1975 par la r\u00e9union de Portugais et Espagnols immigr\u00e9s qui forment alors une association de fait autour de la culture Ib\u00e9rique se d\u00e9veloppant et impr\u00e9gnant progressivement la zone g\u00e9ographique de Seclin et du sud de Lille \u2026 C\u2019est la naissance d\u2019Ib\u00e9rica \u2026<\/p>\n<p>A Seclin quelques familles Espagnoles avaient trouv\u00e9 refuge lors de la guerre civile en France et bien avant la diaspora Portugaise des ann\u00e9es 70, de nombreux Portugais venaient travailler dans les entreprises Seclinoises telle la sucrerie DUJARDIN.<\/p>\n<p>C&#8217;est en 2008, soutenu par les communaut\u00e9s de la r\u00e9gion et les artistes, que David VASCO Nelito d\u00e9cide de cr\u00e9er officiellement IB\u00c9RICA, centre de culture Art &amp; Danse r\u00e9unissant les cultures Espagnoles et Portugaises mais aussi Latino et Br\u00e9silienne avec une ouverture sur les cultures du Monde.<\/p>\n<p>Tout sera donc construit autour de la culture, de l&#8217;histoire, des coutumes, de la langue et surtout des arts et notamment la musique.<\/p>\n<p>Le but Promouvoir la culture l&#8217;art et la Danse dans la r\u00e9gion et rapidement de mani\u00e8re nationale voire internationale.<\/p>\n<p>L&#8217;association rev\u00eat d&#8217;ailleurs un caract\u00e8re \u00e0 elle seule, in\u00e9dit ! Aucune Association Fran\u00e7aise n&#8217;a jamais r\u00e9uni ces deux Pays &#8211; Espagne et Portugal &#8211; pour lesquels, les membres d&#8217;IB\u00c9RICA exposent syst\u00e9matiquement les nombreux liens historiques, linguistiques, culturels et traditionnels.<\/p>\n<p>&nbsp;<\/p>\n<p><strong>LES SPECTACLES<\/strong><\/p>\n<p>Rapidement l&#8217;\u00e9quipe organise ses premiers grands spectacles de qualit\u00e9 avec des artistes internationaux de FADO et FLAMENCO, plus de 200 personnes \u00e0 chaque \u00e9v\u00e9nement avec des pointes&nbsp;journali\u00e8res de fr\u00e9quentation \u00e0 350 personnes.<\/p>\n<p>En Janvier 2011, autour d&#8217;une discussion entre adh\u00e9rents, l&#8217;id\u00e9e de cr\u00e9er un \u00e9v\u00e9nement unique et fort, repr\u00e9sentatif du tissu associatif et artistique ib\u00e9rique de la r\u00e9gion appara\u00eet. En un peu moins d&#8217;une ann\u00e9e, les membres du comit\u00e9 de promotion de cette manifestation qui prendra rapidement le nom de &#8220;Premi\u00e8res Rencontres ib\u00e9riques des Hauts de France&#8221; r\u00e9uniront plus de 50 associations, artistes et structures ib\u00e9riques autour de ce magnifique projet.<\/p>\n<p>Les 1\u00e8res rencontres Ib\u00e9riques des 22 23 et 24 Octobre proposeront des stages de danses Flamenco, Folkloriques Portugaises, des moments culturels, des d\u00e9gustations de produits ib\u00e9riques, des repas, des spectacles dont la Premi\u00e8re rencontre du Fado et du Flamenco avec des artistes \u00e9poustouflants, Manolo Punto, Aurelia Vidal,&nbsp; Jenyfer Rainho. Un \u00e9v\u00e9nement alors in\u00e9dit qui reste unique en France et m\u00eame dans le monde.<\/p>\n<p>C&#8217;est le d\u00e9but d&#8217;une longue s\u00e9rie de manifestation \u00e0 Seclin et dans l&#8217;ensemble de la r\u00e9gion.<\/p>\n<p>&nbsp;<\/p>\n<p><strong>IB\u00c9RICA, proche de ses adh\u00e9rents<\/strong><\/p>\n<p>Au quotidien, IBERICA propose des cours de langues Portugaises et Espagnoles hebdomadaires, c&#8217;est aussi les DOMINGOS IB\u00c9RICOS (Dimanches Ib\u00e9riques) avec des repas et spectacles typiques dans une convivialit\u00e9 et une ambiance \u00e0 laquelle on ne peut r\u00e9sister.&nbsp; On y retrouve \u00e9galement Les moments amicaux et ludiques autour de Tapas\/Petiscos, les jeux tels que la SUECA (belote Ib\u00e9rique), Les discussions (charlas et Tertulias) dans les deux langues respectives, Les pratiques artistiques la Danse Flamenco la guitare le caj\u00f3n.<\/p>\n<p>&nbsp;<\/p>\n<p><strong>LE CONSEIL IB\u00c9RIQUE<\/strong><\/p>\n<p>Que vous soyez une commune, centre culturel et\/social, une m\u00e9diath\u00e8que, producteur, un organisateur de spectacle, une structure artistique, un particulier, l&#8217;\u00e9quipe d&#8217;IB\u00c9RICA vous proposera un \u00e9ventail important de prestations qui vont du Spectacle de FADO ou FLAMENCO ou de vari\u00e9t\u00e9s Espagnoles, Portugaises et Latines, aux repas et\/ou Tapas, ou des pr\u00e9sentations (conf\u00e9rences expositions) et activit\u00e9s diverses (d\u00e9gustations). L&#8217;Ib\u00e9riStaff vous accompagne et vous aide \u00e0 faire les meilleurs choix en fonction de vos besoins<\/p>\n<p>&nbsp;<\/p>\n<p><strong>LES PARTENARIATS<\/strong><\/p>\n<p>IB\u00c9RICA participe activement aux manifestations et programmations organis\u00e9es par les institutions, la r\u00e9gion, les d\u00e9partements et les villes. De Nombreux partenariats \u00e0 son actif tels : 2010, ann\u00e9e d\u00e9di\u00e9e au Portugal \u00e0 Seclin, Exposition sur la r\u00e9volution des \u0152illets, Repas, Spectacles et exposition sur les Azulejos pr\u00eat\u00e9e par les consulats Portugais de Paris et Lille pour laquelle Monsieur le Consul G\u00e9n\u00e9ral de France \u00e9tait pr\u00e9sent et a remis les couleurs du Portugal \u00e0 Monsieur le Maire de SECLIN \u00e0 la demande de l&#8217;association, LILLE FLAMENCO en 2010 avec l&#8217;association ATTACAFA, Spectacles Espagnols au Parc MOSAIC \u00e0 Houplin, partenaire du Comit\u00e9 de Promotion du Portugal dont David Vasco Nelito si\u00e8ge en tant que Secr\u00e9taire G\u00e9n\u00e9ral. Ce comit\u00e9 \u00e0 pour but de mobiliser tout structure ou intervenant d\u00e9sirant faire la promotion de la culture Portugaise dans le Nord Pas de Calais autour de projets et \u00e9v\u00e9nements importants tel &#8220;Avril aux Couleurs du Portugal 2010&#8221; ou &#8220;Avril aux couleurs de Guimar\u00e3es 2012&#8221; pour l&#8217;ann\u00e9e de la culture \u00e0 Guimar\u00e3es. Les diff\u00e9rents \u00e9v\u00e9nements avec les associations Portugaises de la r\u00e9gion (P\u00c9RENCHIES, ROUBAIX, TOURCOING).<\/p>\n<p>&nbsp;<\/p>\n<p><strong>LES LIENS ASSOCIATIFS et COMMUNAUTAIRES<\/strong><\/p>\n<p>Notre centre culturel travaille activement dans la cr\u00e9ation d&#8217;un r\u00e9seau Ib\u00e9rique Culturel Artistique et associatif de la r\u00e9gion depuis de nombreuses ann\u00e9es. Ib\u00e9rica est partenaire de nombreuses associations et communaut\u00e9s Espagnoles Portugaises Flamenco Folklorique de la r\u00e9gion des Hauts de France et d\u00e9veloppe et consolide les relations r\u00e9gionales Ib\u00e9riques.<\/p>\n<p>&nbsp;<\/p>\n<p><strong>LA CULTURE POUR TOUS<\/strong><\/p>\n<p>Nous nous inscrivons dans une d\u00e9marche citoyenne et sociale en proposant des \u00e9v\u00e9nements \u00e0 tarifs abordables. Notre action se veut interg\u00e9n\u00e9rationnelle par de spectacles adapt\u00e9s aux publics cibl\u00e9s (s\u00e9niors, jeunes &#8230;), des interventions artistiques en milieux scolaires.<\/p>\n<p>&nbsp;<\/p>\n<p><strong>LA D\u00c9FENSE DES INT\u00c9R\u00caTS IB\u00c9RIQUES<\/strong><\/p>\n<p>L&#8217;\u00e9quipe d&#8217;Ib\u00e9rica met un point d&#8217;honneur \u00e0 d\u00e9fendre depuis toujours les int\u00e9r\u00eats de la r\u00e9gion des Hauts de France notamment dans le soutien des pr\u00e9sences consulaires Espagnoles et Portugaises. Dans l&#8217;aide et le conseil apport\u00e9s aux Portugais et Espagnols dans cadre des d\u00e9marches administratives. Le partenariat avec les institutions pour la comm\u00e9moration des \u00e9v\u00e9nements historiques de la r\u00e9gion.<\/p>\n<p>&nbsp;<\/p>\n<p>IB\u00c9RICA, c&#8217;est une histoire, c&#8217;est l&#8217;aventure d&#8217;un groupe de luso et Hispano descendants qui promeut la culture issue de ses origines, en perpetuel renouvellement, toutes les id\u00e9es propos\u00e9es sont profitables au centre culturel. Le meilleur moyen de vivre ce c\u00f4t\u00e9 chaleureux, convivial, et festif est de venir participer activement \u00e0 nos manifestations et \u00e0 la vie de l&#8217;association, ce que nous vous invitons \u00e0 faire tr\u00e8s vite \u2026.<\/p>\n<p>Hasta Luego, At\u00e9 Logo, A bient\u00f4t \u2026.<\/p>\n<p>L&#8217;Ib\u00e9riStaff, \u00e9quipe motiv\u00e9e et comp\u00e9tente d&#8217;IBERICA, Centre de culture Art &amp; danse<\/p>\n","protected":false},"excerpt":{"rendered":"<p>La pr\u00e9sence des Portugais et Espagnols dans notre r\u00e9gion existe depuis des si\u00e8cles\u2026 Notre histoire d\u00e9bute en 1975 par la r\u00e9union de Portugais et Espagnols immigr\u00e9s qui forment alors une association de fait autour de la culture Ib\u00e9rique se d\u00e9veloppant et impr\u00e9gnant progressivement la zone g\u00e9ographique de Seclin et du sud de Lille \u2026 C\u2019est [&hellip;]<\/p>\n","protected":false},"author":1,"featured_media":0,"parent":0,"menu_order":0,"comment_status":"closed","ping_status":"closed","template":"","meta":{"_mi_skip_tracking":false,"ngg_post_thumbnail":0},"yoast_head":"<!-- This site is optimized with the Yoast SEO plugin v18.9 - https:\/\/yoast.com\/wordpress\/plugins\/seo\/ -->\n<title>Qui Sommes Nous ? Quienes\/Quem Somos ? - Ib\u00e9rica Centre de Culture Art &amp; Danse<\/title>\n<meta name=\"robots\" content=\"index, follow, max-snippet:-1, max-image-preview:large, max-video-preview:-1\" \/>\n<link rel=\"canonical\" href=\"https:\/\/iberica.info\/index.php\/qui-sommes-nous-quienesquem-somos\/\" \/>\n<meta property=\"og:locale\" content=\"fr_FR\" \/>\n<meta property=\"og:type\" content=\"article\" \/>\n<meta property=\"og:title\" content=\"Qui Sommes Nous ? Quienes\/Quem Somos ? - Ib\u00e9rica Centre de Culture Art &amp; Danse\" \/>\n<meta property=\"og:description\" content=\"La pr\u00e9sence des Portugais et Espagnols dans notre r\u00e9gion existe depuis des si\u00e8cles\u2026 Notre histoire d\u00e9bute en 1975 par la r\u00e9union de Portugais et Espagnols immigr\u00e9s qui forment alors une association de fait autour de la culture Ib\u00e9rique se d\u00e9veloppant et impr\u00e9gnant progressivement la zone g\u00e9ographique de Seclin et du sud de Lille \u2026 C\u2019est [&hellip;]\" \/>\n<meta property=\"og:url\" content=\"https:\/\/iberica.info\/index.php\/qui-sommes-nous-quienesquem-somos\/\" \/>\n<meta property=\"og:site_name\" content=\"Ib\u00e9rica Centre de Culture Art &amp; Danse\" \/>\n<meta property=\"article:publisher\" content=\"https:\/\/www.facebook.com\/iberica.nord\" \/>\n<meta property=\"article:modified_time\" content=\"2025-09-02T17:04:20+00:00\" \/>\n<meta name=\"twitter:card\" content=\"summary\" \/>\n<meta name=\"twitter:label1\" content=\"Dur\u00e9e de lecture estim\u00e9e\" \/>\n\t<meta name=\"twitter:data1\" content=\"6 minutes\" \/>\n<script type=\"application\/ld+json\" class=\"yoast-schema-graph\">{\"@context\":\"https:\/\/schema.org\",\"@graph\":[{\"@type\":\"WebSite\",\"@id\":\"https:\/\/iberica.info\/#website\",\"url\":\"https:\/\/iberica.info\/\",\"name\":\"Ib\u00e9rica Centre de Culture Art &amp; Danse\",\"description\":\"Flamenco Fado Gypsy Espagne Portugal Hauts de France - France\",\"potentialAction\":[{\"@type\":\"SearchAction\",\"target\":{\"@type\":\"EntryPoint\",\"urlTemplate\":\"https:\/\/iberica.info\/?s={search_term_string}\"},\"query-input\":\"required name=search_term_string\"}],\"inLanguage\":\"fr-FR\"},{\"@type\":\"WebPage\",\"@id\":\"https:\/\/iberica.info\/index.php\/qui-sommes-nous-quienesquem-somos\/#webpage\",\"url\":\"https:\/\/iberica.info\/index.php\/qui-sommes-nous-quienesquem-somos\/\",\"name\":\"Qui Sommes Nous ? Quienes\/Quem Somos ? - Ib\u00e9rica Centre de Culture Art &amp; Danse\",\"isPartOf\":{\"@id\":\"https:\/\/iberica.info\/#website\"},\"datePublished\":\"2017-06-16T16:44:02+00:00\",\"dateModified\":\"2025-09-02T17:04:20+00:00\",\"breadcrumb\":{\"@id\":\"https:\/\/iberica.info\/index.php\/qui-sommes-nous-quienesquem-somos\/#breadcrumb\"},\"inLanguage\":\"fr-FR\",\"potentialAction\":[{\"@type\":\"ReadAction\",\"target\":[\"https:\/\/iberica.info\/index.php\/qui-sommes-nous-quienesquem-somos\/\"]}]},{\"@type\":\"BreadcrumbList\",\"@id\":\"https:\/\/iberica.info\/index.php\/qui-sommes-nous-quienesquem-somos\/#breadcrumb\",\"itemListElement\":[{\"@type\":\"ListItem\",\"position\":1,\"name\":\"Accueil\",\"item\":\"https:\/\/iberica.info\/\"},{\"@type\":\"ListItem\",\"position\":2,\"name\":\"Qui Sommes Nous ? Quienes\/Quem Somos ?\"}]}]}<\/script>\n<!-- \/ Yoast SEO plugin. -->","yoast_head_json":{"title":"Qui Sommes Nous ? Quienes\/Quem Somos ? - Ib\u00e9rica Centre de Culture Art &amp; Danse","robots":{"index":"index","follow":"follow","max-snippet":"max-snippet:-1","max-image-preview":"max-image-preview:large","max-video-preview":"max-video-preview:-1"},"canonical":"https:\/\/iberica.info\/index.php\/qui-sommes-nous-quienesquem-somos\/","og_locale":"fr_FR","og_type":"article","og_title":"Qui Sommes Nous ? Quienes\/Quem Somos ? - Ib\u00e9rica Centre de Culture Art &amp; Danse","og_description":"La pr\u00e9sence des Portugais et Espagnols dans notre r\u00e9gion existe depuis des si\u00e8cles\u2026 Notre histoire d\u00e9bute en 1975 par la r\u00e9union de Portugais et Espagnols immigr\u00e9s qui forment alors une association de fait autour de la culture Ib\u00e9rique se d\u00e9veloppant et impr\u00e9gnant progressivement la zone g\u00e9ographique de Seclin et du sud de Lille \u2026 C\u2019est [&hellip;]","og_url":"https:\/\/iberica.info\/index.php\/qui-sommes-nous-quienesquem-somos\/","og_site_name":"Ib\u00e9rica Centre de Culture Art &amp; Danse","article_publisher":"https:\/\/www.facebook.com\/iberica.nord","article_modified_time":"2025-09-02T17:04:20+00:00","twitter_card":"summary","twitter_misc":{"Dur\u00e9e de lecture estim\u00e9e":"6 minutes"},"schema":{"@context":"https:\/\/schema.org","@graph":[{"@type":"WebSite","@id":"https:\/\/iberica.info\/#website","url":"https:\/\/iberica.info\/","name":"Ib\u00e9rica Centre de Culture Art &amp; Danse","description":"Flamenco Fado Gypsy Espagne Portugal Hauts de France - France","potentialAction":[{"@type":"SearchAction","target":{"@type":"EntryPoint","urlTemplate":"https:\/\/iberica.info\/?s={search_term_string}"},"query-input":"required name=search_term_string"}],"inLanguage":"fr-FR"},{"@type":"WebPage","@id":"https:\/\/iberica.info\/index.php\/qui-sommes-nous-quienesquem-somos\/#webpage","url":"https:\/\/iberica.info\/index.php\/qui-sommes-nous-quienesquem-somos\/","name":"Qui Sommes Nous ? Quienes\/Quem Somos ? - Ib\u00e9rica Centre de Culture Art &amp; Danse","isPartOf":{"@id":"https:\/\/iberica.info\/#website"},"datePublished":"2017-06-16T16:44:02+00:00","dateModified":"2025-09-02T17:04:20+00:00","breadcrumb":{"@id":"https:\/\/iberica.info\/index.php\/qui-sommes-nous-quienesquem-somos\/#breadcrumb"},"inLanguage":"fr-FR","potentialAction":[{"@type":"ReadAction","target":["https:\/\/iberica.info\/index.php\/qui-sommes-nous-quienesquem-somos\/"]}]},{"@type":"BreadcrumbList","@id":"https:\/\/iberica.info\/index.php\/qui-sommes-nous-quienesquem-somos\/#breadcrumb","itemListElement":[{"@type":"ListItem","position":1,"name":"Accueil","item":"https:\/\/iberica.info\/"},{"@type":"ListItem","position":2,"name":"Qui Sommes Nous ? Quienes\/Quem Somos ?"}]}]}},"_links":{"self":[{"href":"https:\/\/iberica.info\/index.php\/wp-json\/wp\/v2\/pages\/99"}],"collection":[{"href":"https:\/\/iberica.info\/index.php\/wp-json\/wp\/v2\/pages"}],"about":[{"href":"https:\/\/iberica.info\/index.php\/wp-json\/wp\/v2\/types\/page"}],"author":[{"embeddable":true,"href":"https:\/\/iberica.info\/index.php\/wp-json\/wp\/v2\/users\/1"}],"replies":[{"embeddable":true,"href":"https:\/\/iberica.info\/index.php\/wp-json\/wp\/v2\/comments?post=99"}],"version-history":[{"count":3,"href":"https:\/\/iberica.info\/index.php\/wp-json\/wp\/v2\/pages\/99\/revisions"}],"predecessor-version":[{"id":1794,"href":"https:\/\/iberica.info\/index.php\/wp-json\/wp\/v2\/pages\/99\/revisions\/1794"}],"wp:attachment":[{"href":"https:\/\/iberica.info\/index.php\/wp-json\/wp\/v2\/media?parent=99"}],"curies":[{"name":"wp","href":"https:\/\/api.w.org\/{rel}","templated":true}]}}